{"id":10,"date":"2025-11-18T19:58:44","date_gmt":"2025-11-18T19:58:44","guid":{"rendered":"https:\/\/wohnen-in-bayern.com\/?page_id=10"},"modified":"2026-01-13T11:17:26","modified_gmt":"2026-01-13T11:17:26","slug":"home","status":"publish","type":"page","link":"https:\/\/wohnen-in-bayern.com\/en\/","title":{"rendered":"Home"},"content":{"rendered":"<div data-elementor-type=\"wp-page\" data-elementor-id=\"10\" class=\"elementor elementor-10\" data-elementor-settings=\"{&quot;element_pack_global_tooltip_width&quot;:{&quot;unit&quot;:&quot;px&quot;,&quot;size&quot;:&quot;&quot;,&quot;sizes&quot;:[]},&quot;element_pack_global_tooltip_width_tablet&quot;:{&quot;unit&quot;:&quot;px&quot;,&quot;size&quot;:&quot;&quot;,&quot;sizes&quot;:[]},&quot;element_pack_global_tooltip_width_mobile&quot;:{&quot;unit&quot;:&quot;px&quot;,&quot;size&quot;:&quot;&quot;,&quot;sizes&quot;:[]},&quot;element_pack_global_tooltip_padding&quot;:{&quot;unit&quot;:&quot;px&quot;,&quot;top&quot;:&quot;&quot;,&quot;right&quot;:&quot;&quot;,&quot;bottom&quot;:&quot;&quot;,&quot;left&quot;:&quot;&quot;,&quot;isLinked&quot;:true},&quot;element_pack_global_tooltip_padding_tablet&quot;:{&quot;unit&quot;:&quot;px&quot;,&quot;top&quot;:&quot;&quot;,&quot;right&quot;:&quot;&quot;,&quot;bottom&quot;:&quot;&quot;,&quot;left&quot;:&quot;&quot;,&quot;isLinked&quot;:true},&quot;element_pack_global_tooltip_padding_mobile&quot;:{&quot;unit&quot;:&quot;px&quot;,&quot;top&quot;:&quot;&quot;,&quot;right&quot;:&quot;&quot;,&quot;bottom&quot;:&quot;&quot;,&quot;left&quot;:&quot;&quot;,&quot;isLinked&quot;:true},&quot;element_pack_global_tooltip_border_radius&quot;:{&quot;unit&quot;:&quot;px&quot;,&quot;top&quot;:&quot;&quot;,&quot;right&quot;:&quot;&quot;,&quot;bottom&quot;:&quot;&quot;,&quot;left&quot;:&quot;&quot;,&quot;isLinked&quot;:true},&quot;element_pack_global_tooltip_border_radius_tablet&quot;:{&quot;unit&quot;:&quot;px&quot;,&quot;top&quot;:&quot;&quot;,&quot;right&quot;:&quot;&quot;,&quot;bottom&quot;:&quot;&quot;,&quot;left&quot;:&quot;&quot;,&quot;isLinked&quot;:true},&quot;element_pack_global_tooltip_border_radius_mobile&quot;:{&quot;unit&quot;:&quot;px&quot;,&quot;top&quot;:&quot;&quot;,&quot;right&quot;:&quot;&quot;,&quot;bottom&quot;:&quot;&quot;,&quot;left&quot;:&quot;&quot;,&quot;isLinked&quot;:true}}\" data-elementor-post-type=\"page\">\n\t\t\t\t<div class=\"elementor-element elementor-element-810ec05 e-con-full e-flex e-con e-parent\" data-id=\"810ec05\" data-element_type=\"container\" data-settings=\"{&quot;background_background&quot;:&quot;classic&quot;,&quot;background_motion_fx_motion_fx_scrolling&quot;:&quot;yes&quot;,&quot;background_motion_fx_translateY_effect&quot;:&quot;yes&quot;,&quot;background_motion_fx_translateY_speed&quot;:{&quot;unit&quot;:&quot;px&quot;,&quot;size&quot;:5,&quot;sizes&quot;:[]},&quot;background_motion_fx_translateY_affectedRange&quot;:{&quot;unit&quot;:&quot;%&quot;,&quot;size&quot;:&quot;&quot;,&quot;sizes&quot;:{&quot;start&quot;:21,&quot;end&quot;:100}},&quot;background_motion_fx_devices&quot;:[&quot;desktop&quot;]}\">\n\t\t<div class=\"elementor-element elementor-element-455c285 e-con-full e-flex e-con e-child\" data-id=\"455c285\" data-element_type=\"container\">\n\t\t\t\t<div class=\"elementor-element elementor-element-66ba948 elementor-widget__width-initial elementor-widget elementor-widget-heading\" data-id=\"66ba948\" data-element_type=\"widget\" data-widget_type=\"heading.default\">\n\t\t\t\t\t<h1 class=\"elementor-heading-title elementor-size-default\">Your place to learn &amp;  <font color=\"#09AFB6\"> Life <\/font><\/h1>\t\t\t\t<\/div>\n\t\t\t\t<div class=\"elementor-element elementor-element-5e02a7e elementor-widget__width-initial elementor-widget elementor-widget-heading\" data-id=\"5e02a7e\" data-element_type=\"widget\" data-widget_type=\"heading.default\">\n\t\t\t\t\t<h2 class=\"elementor-heading-title elementor-size-default\">Student housing in Bavaria<\/h2>\t\t\t\t<\/div>\n\t\t\t\t<\/div>\n\t\t\t\t<\/div>\n\t\t<div class=\"elementor-element elementor-element-5708a52 e-con-full e-flex e-con e-parent\" data-id=\"5708a52\" data-element_type=\"container\" id=\"grammer\">\n\t\t<div class=\"elementor-element elementor-element-17bd831 e-con-full e-flex e-con e-child\" data-id=\"17bd831\" data-element_type=\"container\">\n\t\t\t\t<div class=\"elementor-element elementor-element-86c7cc5 elementor-widget elementor-widget-image\" data-id=\"86c7cc5\" data-element_type=\"widget\" data-widget_type=\"image.default\">\n\t\t\t\t\t\t\t\t\t\t\t\t\t\t\t<img fetchpriority=\"high\" decoding=\"async\" width=\"1000\" height=\"667\" src=\"https:\/\/wohnen-in-bayern.com\/wp-content\/uploads\/2025\/11\/AdobeStock_612319867-1024x683.jpeg\" class=\"attachment-large size-large wp-image-19\" alt=\"\" srcset=\"https:\/\/wohnen-in-bayern.com\/wp-content\/uploads\/2025\/11\/AdobeStock_612319867-1024x683.jpeg 1024w, https:\/\/wohnen-in-bayern.com\/wp-content\/uploads\/2025\/11\/AdobeStock_612319867-300x200.jpeg 300w, https:\/\/wohnen-in-bayern.com\/wp-content\/uploads\/2025\/11\/AdobeStock_612319867-768x512.jpeg 768w, https:\/\/wohnen-in-bayern.com\/wp-content\/uploads\/2025\/11\/AdobeStock_612319867-1536x1024.jpeg 1536w, https:\/\/wohnen-in-bayern.com\/wp-content\/uploads\/2025\/11\/AdobeStock_612319867-2048x1365.jpeg 2048w, https:\/\/wohnen-in-bayern.com\/wp-content\/uploads\/2025\/11\/AdobeStock_612319867-650x433.jpeg 650w\" sizes=\"(max-width: 1000px) 100vw, 1000px\" \/>\t\t\t\t\t\t\t\t\t\t\t\t\t\t\t<\/div>\n\t\t\t\t<\/div>\n\t\t<div class=\"elementor-element elementor-element-bd3c6e2 e-con-full e-flex e-con e-child\" data-id=\"bd3c6e2\" data-element_type=\"container\">\n\t\t\t\t<div class=\"elementor-element elementor-element-f713d47 elementor-widget elementor-widget-heading\" data-id=\"f713d47\" data-element_type=\"widget\" data-widget_type=\"heading.default\">\n\t\t\t\t\t<h4 class=\"elementor-heading-title elementor-size-default\">GRAMMER Immobilien Gruppe<\/h4>\t\t\t\t<\/div>\n\t\t\t\t<div class=\"elementor-element elementor-element-a1186b1 elementor-widget elementor-widget-heading\" data-id=\"a1186b1\" data-element_type=\"widget\" data-widget_type=\"heading.default\">\n\t\t\t\t\t<h2 class=\"elementor-heading-title elementor-size-default\">Housing solutions for students and trainees in Bavaria<\/h2>\t\t\t\t<\/div>\n\t\t\t\t<div class=\"elementor-element elementor-element-79ef8fc elementor-widget elementor-widget-text-editor\" data-id=\"79ef8fc\" data-element_type=\"widget\" data-widget_type=\"text-editor.default\">\n\t\t\t\t\t\t\t\t\t<p>The GRAMMER Immobilien Gruppe plans, builds, and manages large residential properties, primarily in Bavaria. Our offerings are aimed primarily at students and trainees. Here you can find out more about our flats and apartments in Munich, Nuremberg, Erlangen, and Regensburg, and register on the respective waiting list.<\/p>\n<p>The rentals are carried out on behalf of our customers, the owners of these flats and apartments. You can find all the necessary information here at \u201cLiving in Bavaria.\u201d We would be delighted to add you to our respective reservation list. If you have any questions, please do not hesitate to contact us.<\/p>\t\t\t\t\t\t\t\t<\/div>\n\t\t\t\t<div class=\"elementor-element elementor-element-cd158f1 elementor-widget elementor-widget-image\" data-id=\"cd158f1\" data-element_type=\"widget\" data-widget_type=\"image.default\">\n\t\t\t\t\t\t\t\t\t\t\t\t\t\t\t<img decoding=\"async\" width=\"300\" height=\"199\" src=\"https:\/\/wohnen-in-bayern.com\/wp-content\/uploads\/2025\/11\/VDIV_Logo_LV_BY_RGB_pos_Office-1-300x199-1.png\" class=\"attachment-large size-large wp-image-23\" alt=\"\" \/>\t\t\t\t\t\t\t\t\t\t\t\t\t\t\t<\/div>\n\t\t\t\t<\/div>\n\t\t<div class=\"elementor-element elementor-element-7cf682a e-con-full e-flex e-con e-child\" data-id=\"7cf682a\" data-element_type=\"container\">\n\t\t\t\t<div class=\"elementor-element elementor-element-376fdac elementor-widget elementor-widget-image\" data-id=\"376fdac\" data-element_type=\"widget\" data-widget_type=\"image.default\">\n\t\t\t\t\t\t\t\t\t\t\t\t\t\t\t<img decoding=\"async\" width=\"1000\" height=\"667\" src=\"https:\/\/wohnen-in-bayern.com\/wp-content\/uploads\/2025\/11\/AdobeStock_612319321-1024x683.jpeg\" class=\"attachment-large size-large wp-image-17\" alt=\"\" srcset=\"https:\/\/wohnen-in-bayern.com\/wp-content\/uploads\/2025\/11\/AdobeStock_612319321-1024x683.jpeg 1024w, https:\/\/wohnen-in-bayern.com\/wp-content\/uploads\/2025\/11\/AdobeStock_612319321-300x200.jpeg 300w, https:\/\/wohnen-in-bayern.com\/wp-content\/uploads\/2025\/11\/AdobeStock_612319321-768x512.jpeg 768w, https:\/\/wohnen-in-bayern.com\/wp-content\/uploads\/2025\/11\/AdobeStock_612319321-1536x1024.jpeg 1536w, https:\/\/wohnen-in-bayern.com\/wp-content\/uploads\/2025\/11\/AdobeStock_612319321-2048x1365.jpeg 2048w, https:\/\/wohnen-in-bayern.com\/wp-content\/uploads\/2025\/11\/AdobeStock_612319321-650x433.jpeg 650w\" sizes=\"(max-width: 1000px) 100vw, 1000px\" \/>\t\t\t\t\t\t\t\t\t\t\t\t\t\t\t<\/div>\n\t\t\t\t<\/div>\n\t\t\t\t<\/div>\n\t\t<div class=\"elementor-element elementor-element-9e21cc3 e-con-full e-flex e-con e-parent\" data-id=\"9e21cc3\" data-element_type=\"container\" id=\"vermietung\" data-settings=\"{&quot;background_background&quot;:&quot;classic&quot;}\">\n\t\t<div class=\"elementor-element elementor-element-1c5e091 e-con-full e-flex e-con e-child\" data-id=\"1c5e091\" data-element_type=\"container\">\n\t\t\t\t<div class=\"elementor-element elementor-element-5432093 elementor-widget elementor-widget-heading\" data-id=\"5432093\" data-element_type=\"widget\" data-widget_type=\"heading.default\">\n\t\t\t\t\t<h4 class=\"elementor-heading-title elementor-size-default\">Apartments in Munich, Nuremberg, Erlangen, and Regensburg<\/h4>\t\t\t\t<\/div>\n\t\t\t\t<div class=\"elementor-element elementor-element-fb01ce0 elementor-widget elementor-widget-heading\" data-id=\"fb01ce0\" data-element_type=\"widget\" data-widget_type=\"heading.default\">\n\t\t\t\t\t<h2 class=\"elementor-heading-title elementor-size-default\">Locations<\/h2>\t\t\t\t<\/div>\n\t\t\t\t<\/div>\n\t\t<div class=\"elementor-element elementor-element-291b7ba e-con-full e-flex e-con e-child\" data-id=\"291b7ba\" data-element_type=\"container\">\n\t\t\t\t<div class=\"elementor-element elementor-element-224cedf elementor-grid-3 elementor-grid-tablet-2 elementor-grid-mobile-1 elementor-widget elementor-widget-loop-grid\" data-id=\"224cedf\" data-element_type=\"widget\" data-settings=\"{&quot;template_id&quot;:319,&quot;pagination_type&quot;:&quot;load_more_on_click&quot;,&quot;_skin&quot;:&quot;post&quot;,&quot;columns&quot;:&quot;3&quot;,&quot;columns_tablet&quot;:&quot;2&quot;,&quot;columns_mobile&quot;:&quot;1&quot;,&quot;edit_handle_selector&quot;:&quot;[data-elementor-type=\\&quot;loop-item\\&quot;]&quot;,&quot;load_more_spinner&quot;:{&quot;value&quot;:&quot;fas fa-spinner&quot;,&quot;library&quot;:&quot;fa-solid&quot;},&quot;row_gap&quot;:{&quot;unit&quot;:&quot;px&quot;,&quot;size&quot;:&quot;&quot;,&quot;sizes&quot;:[]},&quot;row_gap_tablet&quot;:{&quot;unit&quot;:&quot;px&quot;,&quot;size&quot;:&quot;&quot;,&quot;sizes&quot;:[]},&quot;row_gap_mobile&quot;:{&quot;unit&quot;:&quot;px&quot;,&quot;size&quot;:&quot;&quot;,&quot;sizes&quot;:[]}}\" data-widget_type=\"loop-grid.post\">\n\t\t\t\t<div class=\"elementor-widget-container\">\n\t\t\t\t\t\t\t<div class=\"elementor-loop-container elementor-grid\" role=\"list\">\n\t\t<style id=\"loop-319\">.elementor-319 .elementor-element.elementor-element-01e8dfa{--display:flex;--flex-direction:column;--container-widget-width:100%;--container-widget-height:initial;--container-widget-flex-grow:0;--container-widget-align-self:initial;--flex-wrap-mobile:wrap;--gap:0px 0px;--row-gap:0px;--column-gap:0px;--padding-top:0px;--padding-bottom:0px;--padding-left:0px;--padding-right:0px;}.elementor-319 .elementor-element.elementor-element-661e03c{padding:3% 0% 0% 2%;font-size:22px;font-weight:700;}.elementor-319 .elementor-element.elementor-element-e92546d{--display:flex;--flex-direction:row;--container-widget-width:initial;--container-widget-height:100%;--container-widget-flex-grow:1;--container-widget-align-self:stretch;--flex-wrap-mobile:wrap;--justify-content:flex-start;--gap:0px 5px;--row-gap:0px;--column-gap:5px;--margin-top:0px;--margin-bottom:0px;--margin-left:0px;--margin-right:0px;--padding-top:0%;--padding-bottom:0%;--padding-left:2%;--padding-right:0%;}.elementor-319 .elementor-element.elementor-element-114ceb1{margin:0px 0px calc(var(--kit-widget-spacing, 0px) + 0px) 0px;padding:0px 0px 0px 0px;text-align:start;}.elementor-319 .elementor-element.elementor-element-0046f66{--display:flex;--flex-direction:row;--container-widget-width:initial;--container-widget-height:100%;--container-widget-flex-grow:1;--container-widget-align-self:stretch;--flex-wrap-mobile:wrap;--justify-content:flex-start;--gap:0px 5px;--row-gap:0px;--column-gap:5px;--margin-top:0px;--margin-bottom:0px;--margin-left:0px;--margin-right:0px;--padding-top:0%;--padding-bottom:0%;--padding-left:2%;--padding-right:0%;}.elementor-319 .elementor-element.elementor-element-0945983{margin:0px 0px calc(var(--kit-widget-spacing, 0px) + 0px) 0px;padding:0px 0px 0px 0px;}.elementor-319 .elementor-element.elementor-element-bf4ee11{--display:flex;--gap:20px 20px;--row-gap:20px;--column-gap:20px;--padding-top:3%;--padding-bottom:10%;--padding-left:0%;--padding-right:0%;}.elementor-319 .elementor-element.elementor-element-017fa2a{margin:0px 0px calc(var(--kit-widget-spacing, 0px) + 0px) 0px;padding:0px 0px 0px 0px;}.elementor-319 .elementor-element.elementor-element-017fa2a .elementor-button{border-style:none;border-radius:0px 0px 0px 0px;padding:5% 5% 5% 5%;}@media(max-width:1024px){.elementor-319 .elementor-element.elementor-element-e92546d{--flex-direction:row;--container-widget-width:initial;--container-widget-height:100%;--container-widget-flex-grow:1;--container-widget-align-self:stretch;--flex-wrap-mobile:wrap;}.elementor-319 .elementor-element.elementor-element-0046f66{--flex-direction:row;--container-widget-width:initial;--container-widget-height:100%;--container-widget-flex-grow:1;--container-widget-align-self:stretch;--flex-wrap-mobile:wrap;}}<\/style>\t\t<div data-elementor-type=\"loop-item\" data-elementor-id=\"319\" class=\"elementor elementor-319 e-loop-item e-loop-item-1901 post-1901 objekt type-objekt status-publish hentry\" data-elementor-post-type=\"elementor_library\" data-custom-edit-handle=\"1\">\n\t\t\t<a class=\"elementor-element elementor-element-01e8dfa e-con-full e-flex e-con e-parent\" data-id=\"01e8dfa\" data-element_type=\"container\" href=\"https:\/\/wohnen-in-bayern.com\/en\/objekt\/studentenwohnheim-studyapart\/\">\n\t\t\t\t<div class=\"elementor-element elementor-element-701607e elementor-widget elementor-widget-image\" data-id=\"701607e\" data-element_type=\"widget\" data-widget_type=\"image.default\">\n\t\t\t\t\t\t\t\t\t\t\t\t\t\t\t<img loading=\"lazy\" decoding=\"async\" width=\"768\" height=\"432\" src=\"https:\/\/wohnen-in-bayern.com\/wp-content\/uploads\/2026\/01\/Studyapart_ex-3_final_20.09-768x432.jpg\" class=\"attachment-medium_large size-medium_large wp-image-1917\" alt=\"\" srcset=\"https:\/\/wohnen-in-bayern.com\/wp-content\/uploads\/2026\/01\/Studyapart_ex-3_final_20.09-768x432.jpg 768w, https:\/\/wohnen-in-bayern.com\/wp-content\/uploads\/2026\/01\/Studyapart_ex-3_final_20.09-300x169.jpg 300w, https:\/\/wohnen-in-bayern.com\/wp-content\/uploads\/2026\/01\/Studyapart_ex-3_final_20.09-1024x576.jpg 1024w, https:\/\/wohnen-in-bayern.com\/wp-content\/uploads\/2026\/01\/Studyapart_ex-3_final_20.09-1536x864.jpg 1536w, https:\/\/wohnen-in-bayern.com\/wp-content\/uploads\/2026\/01\/Studyapart_ex-3_final_20.09-18x10.jpg 18w, https:\/\/wohnen-in-bayern.com\/wp-content\/uploads\/2026\/01\/Studyapart_ex-3_final_20.09-650x366.jpg 650w, https:\/\/wohnen-in-bayern.com\/wp-content\/uploads\/2026\/01\/Studyapart_ex-3_final_20.09.jpg 1920w\" sizes=\"(max-width: 768px) 100vw, 768px\" \/>\t\t\t\t\t\t\t\t\t\t\t\t\t\t\t<\/div>\n\t\t\t\t<div class=\"elementor-element elementor-element-661e03c elementor-widget elementor-widget-text-editor\" data-id=\"661e03c\" data-element_type=\"widget\" data-widget_type=\"text-editor.default\">\n\t\t\t\t\t\t\t\t\tStudentenwohnheim &#8222;StudyApart&#8220;\t\t\t\t\t\t\t\t<\/div>\n\t\t<div class=\"elementor-element elementor-element-e92546d e-con-full e-flex e-con e-child\" data-id=\"e92546d\" data-element_type=\"container\">\n\t\t\t\t<div class=\"elementor-element elementor-element-114ceb1 elementor-widget elementor-widget-text-editor\" data-id=\"114ceb1\" data-element_type=\"widget\" data-widget_type=\"text-editor.default\">\n\t\t\t\t\t\t\t\t\tBahnhofstra\u00dfe 43,\t\t\t\t\t\t\t\t<\/div>\n\t\t\t\t<\/div>\n\t\t<div class=\"elementor-element elementor-element-0046f66 e-con-full e-flex e-con e-child\" data-id=\"0046f66\" data-element_type=\"container\">\n\t\t\t\t<div class=\"elementor-element elementor-element-0945983 elementor-widget elementor-widget-text-editor\" data-id=\"0945983\" data-element_type=\"widget\" data-widget_type=\"text-editor.default\">\n\t\t\t\t\t\t\t\t\t90402\t\t\t\t\t\t\t\t<\/div>\n\t\t\t\t<div class=\"elementor-element elementor-element-0d2f1b3 elementor-widget elementor-widget-text-editor\" data-id=\"0d2f1b3\" data-element_type=\"widget\" data-widget_type=\"text-editor.default\">\n\t\t\t\t\t\t\t\t\tN\u00fcrnberg\t\t\t\t\t\t\t\t<\/div>\n\t\t\t\t<\/div>\n\t\t<div class=\"elementor-element elementor-element-bf4ee11 e-flex e-con-boxed e-con e-child\" data-id=\"bf4ee11\" data-element_type=\"container\">\n\t\t\t\t\t<div class=\"e-con-inner\">\n\t\t\t\t<div class=\"elementor-element elementor-element-017fa2a elementor-widget elementor-widget-button\" data-id=\"017fa2a\" data-element_type=\"widget\" data-widget_type=\"button.default\">\n\t\t\t\t\t\t\t\t\t\t<a class=\"elementor-button elementor-button-link elementor-size-sm\" href=\"https:\/\/wohnen-in-bayern.com\/en\/objekt\/studentenwohnheim-studyapart\/\">\n\t\t\t\t\t\t<span class=\"elementor-button-content-wrapper\">\n\t\t\t\t\t\t\t\t\t<span class=\"elementor-button-text\">Learn more<\/span>\n\t\t\t\t\t<\/span>\n\t\t\t\t\t<\/a>\n\t\t\t\t\t\t\t\t<\/div>\n\t\t\t\t\t<\/div>\n\t\t\t\t<\/div>\n\t\t\t\t<\/a>\n\t\t\t\t<\/div>\n\t\t\t\t<div data-elementor-type=\"loop-item\" data-elementor-id=\"319\" class=\"elementor elementor-319 e-loop-item e-loop-item-1223 post-1223 objekt type-objekt status-publish hentry\" data-elementor-post-type=\"elementor_library\" data-custom-edit-handle=\"1\">\n\t\t\t<a class=\"elementor-element elementor-element-01e8dfa e-con-full e-flex e-con e-parent\" data-id=\"01e8dfa\" data-element_type=\"container\" href=\"https:\/\/wohnen-in-bayern.com\/en\/objekt\/wohnen-am-leonhardspark-nur-azubis\/\">\n\t\t\t\t<div class=\"elementor-element elementor-element-701607e elementor-widget elementor-widget-image\" data-id=\"701607e\" data-element_type=\"widget\" data-widget_type=\"image.default\">\n\t\t\t\t\t\t\t\t\t\t\t\t\t\t\t<img loading=\"lazy\" decoding=\"async\" width=\"768\" height=\"432\" src=\"https:\/\/wohnen-in-bayern.com\/wp-content\/uploads\/2025\/11\/grammer-immobilien-leonhard-center-4_start-768x432.jpg\" class=\"attachment-medium_large size-medium_large wp-image-1258\" alt=\"\" srcset=\"https:\/\/wohnen-in-bayern.com\/wp-content\/uploads\/2025\/11\/grammer-immobilien-leonhard-center-4_start-768x432.jpg 768w, https:\/\/wohnen-in-bayern.com\/wp-content\/uploads\/2025\/11\/grammer-immobilien-leonhard-center-4_start-300x169.jpg 300w, https:\/\/wohnen-in-bayern.com\/wp-content\/uploads\/2025\/11\/grammer-immobilien-leonhard-center-4_start-1024x576.jpg 1024w, https:\/\/wohnen-in-bayern.com\/wp-content\/uploads\/2025\/11\/grammer-immobilien-leonhard-center-4_start-1536x864.jpg 1536w, https:\/\/wohnen-in-bayern.com\/wp-content\/uploads\/2025\/11\/grammer-immobilien-leonhard-center-4_start-650x366.jpg 650w, https:\/\/wohnen-in-bayern.com\/wp-content\/uploads\/2025\/11\/grammer-immobilien-leonhard-center-4_start.jpg 1920w\" sizes=\"(max-width: 768px) 100vw, 768px\" \/>\t\t\t\t\t\t\t\t\t\t\t\t\t\t\t<\/div>\n\t\t\t\t<div class=\"elementor-element elementor-element-661e03c elementor-widget elementor-widget-text-editor\" data-id=\"661e03c\" data-element_type=\"widget\" data-widget_type=\"text-editor.default\">\n\t\t\t\t\t\t\t\t\tWohnen am Leonhardspark (trainees only)\t\t\t\t\t\t\t\t<\/div>\n\t\t<div class=\"elementor-element elementor-element-e92546d e-con-full e-flex e-con e-child\" data-id=\"e92546d\" data-element_type=\"container\">\n\t\t\t\t<div class=\"elementor-element elementor-element-114ceb1 elementor-widget elementor-widget-text-editor\" data-id=\"114ceb1\" data-element_type=\"widget\" data-widget_type=\"text-editor.default\">\n\t\t\t\t\t\t\t\t\tSchlachthofstra\u00dfe 15,\t\t\t\t\t\t\t\t<\/div>\n\t\t\t\t<\/div>\n\t\t<div class=\"elementor-element elementor-element-0046f66 e-con-full e-flex e-con e-child\" data-id=\"0046f66\" data-element_type=\"container\">\n\t\t\t\t<div class=\"elementor-element elementor-element-0945983 elementor-widget elementor-widget-text-editor\" data-id=\"0945983\" data-element_type=\"widget\" data-widget_type=\"text-editor.default\">\n\t\t\t\t\t\t\t\t\t90439\t\t\t\t\t\t\t\t<\/div>\n\t\t\t\t<div class=\"elementor-element elementor-element-0d2f1b3 elementor-widget elementor-widget-text-editor\" data-id=\"0d2f1b3\" data-element_type=\"widget\" data-widget_type=\"text-editor.default\">\n\t\t\t\t\t\t\t\t\tN\u00fcrnberg\t\t\t\t\t\t\t\t<\/div>\n\t\t\t\t<\/div>\n\t\t<div class=\"elementor-element elementor-element-bf4ee11 e-flex e-con-boxed e-con e-child\" data-id=\"bf4ee11\" data-element_type=\"container\">\n\t\t\t\t\t<div class=\"e-con-inner\">\n\t\t\t\t<div class=\"elementor-element elementor-element-017fa2a elementor-widget elementor-widget-button\" data-id=\"017fa2a\" data-element_type=\"widget\" data-widget_type=\"button.default\">\n\t\t\t\t\t\t\t\t\t\t<a class=\"elementor-button elementor-button-link elementor-size-sm\" href=\"https:\/\/wohnen-in-bayern.com\/en\/objekt\/wohnen-am-leonhardspark-nur-azubis\/\">\n\t\t\t\t\t\t<span class=\"elementor-button-content-wrapper\">\n\t\t\t\t\t\t\t\t\t<span class=\"elementor-button-text\">Learn more<\/span>\n\t\t\t\t\t<\/span>\n\t\t\t\t\t<\/a>\n\t\t\t\t\t\t\t\t<\/div>\n\t\t\t\t\t<\/div>\n\t\t\t\t<\/div>\n\t\t\t\t<\/a>\n\t\t\t\t<\/div>\n\t\t\t\t<div data-elementor-type=\"loop-item\" data-elementor-id=\"319\" class=\"elementor elementor-319 e-loop-item e-loop-item-1212 post-1212 objekt type-objekt status-publish hentry\" data-elementor-post-type=\"elementor_library\" data-custom-edit-handle=\"1\">\n\t\t\t<a class=\"elementor-element elementor-element-01e8dfa e-con-full e-flex e-con e-parent\" data-id=\"01e8dfa\" data-element_type=\"container\" href=\"https:\/\/wohnen-in-bayern.com\/en\/objekt\/apartmentanlage-schanzenstrasse\/\">\n\t\t\t\t<div class=\"elementor-element elementor-element-701607e elementor-widget elementor-widget-image\" data-id=\"701607e\" data-element_type=\"widget\" data-widget_type=\"image.default\">\n\t\t\t\t\t\t\t\t\t\t\t\t\t\t\t<img loading=\"lazy\" decoding=\"async\" width=\"768\" height=\"432\" src=\"https:\/\/wohnen-in-bayern.com\/wp-content\/uploads\/2025\/11\/grammer-immobilien-unity-schanzenstrasse-9_start-768x432.jpg\" class=\"attachment-medium_large size-medium_large wp-image-1253\" alt=\"\" srcset=\"https:\/\/wohnen-in-bayern.com\/wp-content\/uploads\/2025\/11\/grammer-immobilien-unity-schanzenstrasse-9_start-768x432.jpg 768w, https:\/\/wohnen-in-bayern.com\/wp-content\/uploads\/2025\/11\/grammer-immobilien-unity-schanzenstrasse-9_start-300x169.jpg 300w, https:\/\/wohnen-in-bayern.com\/wp-content\/uploads\/2025\/11\/grammer-immobilien-unity-schanzenstrasse-9_start-1024x576.jpg 1024w, https:\/\/wohnen-in-bayern.com\/wp-content\/uploads\/2025\/11\/grammer-immobilien-unity-schanzenstrasse-9_start-1536x864.jpg 1536w, https:\/\/wohnen-in-bayern.com\/wp-content\/uploads\/2025\/11\/grammer-immobilien-unity-schanzenstrasse-9_start-650x366.jpg 650w, https:\/\/wohnen-in-bayern.com\/wp-content\/uploads\/2025\/11\/grammer-immobilien-unity-schanzenstrasse-9_start.jpg 1920w\" sizes=\"(max-width: 768px) 100vw, 768px\" \/>\t\t\t\t\t\t\t\t\t\t\t\t\t\t\t<\/div>\n\t\t\t\t<div class=\"elementor-element elementor-element-661e03c elementor-widget elementor-widget-text-editor\" data-id=\"661e03c\" data-element_type=\"widget\" data-widget_type=\"text-editor.default\">\n\t\t\t\t\t\t\t\t\tStudentenwohnheim \u201eSchanzenstrasse\u201c\t\t\t\t\t\t\t\t<\/div>\n\t\t<div class=\"elementor-element elementor-element-e92546d e-con-full e-flex e-con e-child\" data-id=\"e92546d\" data-element_type=\"container\">\n\t\t\t\t<div class=\"elementor-element elementor-element-114ceb1 elementor-widget elementor-widget-text-editor\" data-id=\"114ceb1\" data-element_type=\"widget\" data-widget_type=\"text-editor.default\">\n\t\t\t\t\t\t\t\t\tSchanzenstrasse 19,\t\t\t\t\t\t\t\t<\/div>\n\t\t\t\t<\/div>\n\t\t<div class=\"elementor-element elementor-element-0046f66 e-con-full e-flex e-con e-child\" data-id=\"0046f66\" data-element_type=\"container\">\n\t\t\t\t<div class=\"elementor-element elementor-element-0945983 elementor-widget elementor-widget-text-editor\" data-id=\"0945983\" data-element_type=\"widget\" data-widget_type=\"text-editor.default\">\n\t\t\t\t\t\t\t\t\t90478\t\t\t\t\t\t\t\t<\/div>\n\t\t\t\t<div class=\"elementor-element elementor-element-0d2f1b3 elementor-widget elementor-widget-text-editor\" data-id=\"0d2f1b3\" data-element_type=\"widget\" data-widget_type=\"text-editor.default\">\n\t\t\t\t\t\t\t\t\tN\u00fcrnberg\t\t\t\t\t\t\t\t<\/div>\n\t\t\t\t<\/div>\n\t\t<div class=\"elementor-element elementor-element-bf4ee11 e-flex e-con-boxed e-con e-child\" data-id=\"bf4ee11\" data-element_type=\"container\">\n\t\t\t\t\t<div class=\"e-con-inner\">\n\t\t\t\t<div class=\"elementor-element elementor-element-017fa2a elementor-widget elementor-widget-button\" data-id=\"017fa2a\" data-element_type=\"widget\" data-widget_type=\"button.default\">\n\t\t\t\t\t\t\t\t\t\t<a class=\"elementor-button elementor-button-link elementor-size-sm\" href=\"https:\/\/wohnen-in-bayern.com\/en\/objekt\/apartmentanlage-schanzenstrasse\/\">\n\t\t\t\t\t\t<span class=\"elementor-button-content-wrapper\">\n\t\t\t\t\t\t\t\t\t<span class=\"elementor-button-text\">Learn more<\/span>\n\t\t\t\t\t<\/span>\n\t\t\t\t\t<\/a>\n\t\t\t\t\t\t\t\t<\/div>\n\t\t\t\t\t<\/div>\n\t\t\t\t<\/div>\n\t\t\t\t<\/a>\n\t\t\t\t<\/div>\n\t\t\t\t<div data-elementor-type=\"loop-item\" data-elementor-id=\"319\" class=\"elementor elementor-319 e-loop-item e-loop-item-1185 post-1185 objekt type-objekt status-publish hentry\" data-elementor-post-type=\"elementor_library\" data-custom-edit-handle=\"1\">\n\t\t\t<a class=\"elementor-element elementor-element-01e8dfa e-con-full e-flex e-con e-parent\" data-id=\"01e8dfa\" data-element_type=\"container\" href=\"https:\/\/wohnen-in-bayern.com\/en\/objekt\/apartmentanlage-study-inn\/\">\n\t\t\t\t<div class=\"elementor-element elementor-element-701607e elementor-widget elementor-widget-image\" data-id=\"701607e\" data-element_type=\"widget\" data-widget_type=\"image.default\">\n\t\t\t\t\t\t\t\t\t\t\t\t\t\t\t<img loading=\"lazy\" decoding=\"async\" width=\"768\" height=\"432\" src=\"https:\/\/wohnen-in-bayern.com\/wp-content\/uploads\/2025\/11\/grammer-immobilien-study-inn1-2_start-768x432.jpg\" class=\"attachment-medium_large size-medium_large wp-image-1250\" alt=\"\" srcset=\"https:\/\/wohnen-in-bayern.com\/wp-content\/uploads\/2025\/11\/grammer-immobilien-study-inn1-2_start-768x432.jpg 768w, https:\/\/wohnen-in-bayern.com\/wp-content\/uploads\/2025\/11\/grammer-immobilien-study-inn1-2_start-300x169.jpg 300w, https:\/\/wohnen-in-bayern.com\/wp-content\/uploads\/2025\/11\/grammer-immobilien-study-inn1-2_start-1024x576.jpg 1024w, https:\/\/wohnen-in-bayern.com\/wp-content\/uploads\/2025\/11\/grammer-immobilien-study-inn1-2_start-1536x864.jpg 1536w, https:\/\/wohnen-in-bayern.com\/wp-content\/uploads\/2025\/11\/grammer-immobilien-study-inn1-2_start-650x366.jpg 650w, https:\/\/wohnen-in-bayern.com\/wp-content\/uploads\/2025\/11\/grammer-immobilien-study-inn1-2_start.jpg 1920w\" sizes=\"(max-width: 768px) 100vw, 768px\" \/>\t\t\t\t\t\t\t\t\t\t\t\t\t\t\t<\/div>\n\t\t\t\t<div class=\"elementor-element elementor-element-661e03c elementor-widget elementor-widget-text-editor\" data-id=\"661e03c\" data-element_type=\"widget\" data-widget_type=\"text-editor.default\">\n\t\t\t\t\t\t\t\t\tStudentenwohnheim \u201estudy inn\u201c\t\t\t\t\t\t\t\t<\/div>\n\t\t<div class=\"elementor-element elementor-element-e92546d e-con-full e-flex e-con e-child\" data-id=\"e92546d\" data-element_type=\"container\">\n\t\t\t\t<div class=\"elementor-element elementor-element-114ceb1 elementor-widget elementor-widget-text-editor\" data-id=\"114ceb1\" data-element_type=\"widget\" data-widget_type=\"text-editor.default\">\n\t\t\t\t\t\t\t\t\tNeubleiche 5,\t\t\t\t\t\t\t\t<\/div>\n\t\t\t\t<\/div>\n\t\t<div class=\"elementor-element elementor-element-0046f66 e-con-full e-flex e-con e-child\" data-id=\"0046f66\" data-element_type=\"container\">\n\t\t\t\t<div class=\"elementor-element elementor-element-0945983 elementor-widget elementor-widget-text-editor\" data-id=\"0945983\" data-element_type=\"widget\" data-widget_type=\"text-editor.default\">\n\t\t\t\t\t\t\t\t\t90478\t\t\t\t\t\t\t\t<\/div>\n\t\t\t\t<div class=\"elementor-element elementor-element-0d2f1b3 elementor-widget elementor-widget-text-editor\" data-id=\"0d2f1b3\" data-element_type=\"widget\" data-widget_type=\"text-editor.default\">\n\t\t\t\t\t\t\t\t\tN\u00fcrnberg\t\t\t\t\t\t\t\t<\/div>\n\t\t\t\t<\/div>\n\t\t<div class=\"elementor-element elementor-element-bf4ee11 e-flex e-con-boxed e-con e-child\" data-id=\"bf4ee11\" data-element_type=\"container\">\n\t\t\t\t\t<div class=\"e-con-inner\">\n\t\t\t\t<div class=\"elementor-element elementor-element-017fa2a elementor-widget elementor-widget-button\" data-id=\"017fa2a\" data-element_type=\"widget\" data-widget_type=\"button.default\">\n\t\t\t\t\t\t\t\t\t\t<a class=\"elementor-button elementor-button-link elementor-size-sm\" href=\"https:\/\/wohnen-in-bayern.com\/en\/objekt\/apartmentanlage-study-inn\/\">\n\t\t\t\t\t\t<span class=\"elementor-button-content-wrapper\">\n\t\t\t\t\t\t\t\t\t<span class=\"elementor-button-text\">Learn more<\/span>\n\t\t\t\t\t<\/span>\n\t\t\t\t\t<\/a>\n\t\t\t\t\t\t\t\t<\/div>\n\t\t\t\t\t<\/div>\n\t\t\t\t<\/div>\n\t\t\t\t<\/a>\n\t\t\t\t<\/div>\n\t\t\t\t<div data-elementor-type=\"loop-item\" data-elementor-id=\"319\" class=\"elementor elementor-319 e-loop-item e-loop-item-1166 post-1166 objekt type-objekt status-publish hentry\" data-elementor-post-type=\"elementor_library\" data-custom-edit-handle=\"1\">\n\t\t\t<a class=\"elementor-element elementor-element-01e8dfa e-con-full e-flex e-con e-parent\" data-id=\"01e8dfa\" data-element_type=\"container\" href=\"https:\/\/wohnen-in-bayern.com\/en\/objekt\/apartmentanlage-unity-%ce%b1\/\">\n\t\t\t\t<div class=\"elementor-element elementor-element-701607e elementor-widget elementor-widget-image\" data-id=\"701607e\" data-element_type=\"widget\" data-widget_type=\"image.default\">\n\t\t\t\t\t\t\t\t\t\t\t\t\t\t\t<img loading=\"lazy\" decoding=\"async\" width=\"768\" height=\"432\" src=\"https:\/\/wohnen-in-bayern.com\/wp-content\/uploads\/2025\/11\/grammer-immobilien-uni-ty-\u03b1-11_start-768x432.jpg\" class=\"attachment-medium_large size-medium_large wp-image-1247\" alt=\"\" srcset=\"https:\/\/wohnen-in-bayern.com\/wp-content\/uploads\/2025\/11\/grammer-immobilien-uni-ty-\u03b1-11_start-768x432.jpg 768w, https:\/\/wohnen-in-bayern.com\/wp-content\/uploads\/2025\/11\/grammer-immobilien-uni-ty-\u03b1-11_start-300x169.jpg 300w, https:\/\/wohnen-in-bayern.com\/wp-content\/uploads\/2025\/11\/grammer-immobilien-uni-ty-\u03b1-11_start-1024x576.jpg 1024w, https:\/\/wohnen-in-bayern.com\/wp-content\/uploads\/2025\/11\/grammer-immobilien-uni-ty-\u03b1-11_start-1536x864.jpg 1536w, https:\/\/wohnen-in-bayern.com\/wp-content\/uploads\/2025\/11\/grammer-immobilien-uni-ty-\u03b1-11_start-650x366.jpg 650w, https:\/\/wohnen-in-bayern.com\/wp-content\/uploads\/2025\/11\/grammer-immobilien-uni-ty-\u03b1-11_start.jpg 1920w\" sizes=\"(max-width: 768px) 100vw, 768px\" \/>\t\t\t\t\t\t\t\t\t\t\t\t\t\t\t<\/div>\n\t\t\t\t<div class=\"elementor-element elementor-element-661e03c elementor-widget elementor-widget-text-editor\" data-id=\"661e03c\" data-element_type=\"widget\" data-widget_type=\"text-editor.default\">\n\t\t\t\t\t\t\t\t\tStudentenwohnheim \u201eunity \u03b1\u201c\t\t\t\t\t\t\t\t<\/div>\n\t\t<div class=\"elementor-element elementor-element-e92546d e-con-full e-flex e-con e-child\" data-id=\"e92546d\" data-element_type=\"container\">\n\t\t\t\t<div class=\"elementor-element elementor-element-114ceb1 elementor-widget elementor-widget-text-editor\" data-id=\"114ceb1\" data-element_type=\"widget\" data-widget_type=\"text-editor.default\">\n\t\t\t\t\t\t\t\t\tJosef-Wirth-Weg 21,\t\t\t\t\t\t\t\t<\/div>\n\t\t\t\t<\/div>\n\t\t<div class=\"elementor-element elementor-element-0046f66 e-con-full e-flex e-con e-child\" data-id=\"0046f66\" data-element_type=\"container\">\n\t\t\t\t<div class=\"elementor-element elementor-element-0945983 elementor-widget elementor-widget-text-editor\" data-id=\"0945983\" data-element_type=\"widget\" data-widget_type=\"text-editor.default\">\n\t\t\t\t\t\t\t\t\t80939\t\t\t\t\t\t\t\t<\/div>\n\t\t\t\t<div class=\"elementor-element elementor-element-0d2f1b3 elementor-widget elementor-widget-text-editor\" data-id=\"0d2f1b3\" data-element_type=\"widget\" data-widget_type=\"text-editor.default\">\n\t\t\t\t\t\t\t\t\tM\u00fcnchen\t\t\t\t\t\t\t\t<\/div>\n\t\t\t\t<\/div>\n\t\t<div class=\"elementor-element elementor-element-bf4ee11 e-flex e-con-boxed e-con e-child\" data-id=\"bf4ee11\" data-element_type=\"container\">\n\t\t\t\t\t<div class=\"e-con-inner\">\n\t\t\t\t<div class=\"elementor-element elementor-element-017fa2a elementor-widget elementor-widget-button\" data-id=\"017fa2a\" data-element_type=\"widget\" data-widget_type=\"button.default\">\n\t\t\t\t\t\t\t\t\t\t<a class=\"elementor-button elementor-button-link elementor-size-sm\" href=\"https:\/\/wohnen-in-bayern.com\/en\/objekt\/apartmentanlage-unity-%ce%b1\/\">\n\t\t\t\t\t\t<span class=\"elementor-button-content-wrapper\">\n\t\t\t\t\t\t\t\t\t<span class=\"elementor-button-text\">Learn more<\/span>\n\t\t\t\t\t<\/span>\n\t\t\t\t\t<\/a>\n\t\t\t\t\t\t\t\t<\/div>\n\t\t\t\t\t<\/div>\n\t\t\t\t<\/div>\n\t\t\t\t<\/a>\n\t\t\t\t<\/div>\n\t\t\t\t<div data-elementor-type=\"loop-item\" data-elementor-id=\"319\" class=\"elementor elementor-319 e-loop-item e-loop-item-1148 post-1148 objekt type-objekt status-publish hentry\" data-elementor-post-type=\"elementor_library\" data-custom-edit-handle=\"1\">\n\t\t\t<a class=\"elementor-element elementor-element-01e8dfa e-con-full e-flex e-con e-parent\" data-id=\"01e8dfa\" data-element_type=\"container\" href=\"https:\/\/wohnen-in-bayern.com\/en\/objekt\/apartmentanlage-unity-%ce%b2\/\">\n\t\t\t\t<div class=\"elementor-element elementor-element-701607e elementor-widget elementor-widget-image\" data-id=\"701607e\" data-element_type=\"widget\" data-widget_type=\"image.default\">\n\t\t\t\t\t\t\t\t\t\t\t\t\t\t\t<img loading=\"lazy\" decoding=\"async\" width=\"768\" height=\"432\" src=\"https:\/\/wohnen-in-bayern.com\/wp-content\/uploads\/2025\/11\/grammer-immobilien-baustelle-unity-\u03b2-20160707-4_start-768x432.jpg\" class=\"attachment-medium_large size-medium_large wp-image-1244\" alt=\"\" srcset=\"https:\/\/wohnen-in-bayern.com\/wp-content\/uploads\/2025\/11\/grammer-immobilien-baustelle-unity-\u03b2-20160707-4_start-768x432.jpg 768w, https:\/\/wohnen-in-bayern.com\/wp-content\/uploads\/2025\/11\/grammer-immobilien-baustelle-unity-\u03b2-20160707-4_start-300x169.jpg 300w, https:\/\/wohnen-in-bayern.com\/wp-content\/uploads\/2025\/11\/grammer-immobilien-baustelle-unity-\u03b2-20160707-4_start-1024x576.jpg 1024w, https:\/\/wohnen-in-bayern.com\/wp-content\/uploads\/2025\/11\/grammer-immobilien-baustelle-unity-\u03b2-20160707-4_start-1536x864.jpg 1536w, https:\/\/wohnen-in-bayern.com\/wp-content\/uploads\/2025\/11\/grammer-immobilien-baustelle-unity-\u03b2-20160707-4_start-650x366.jpg 650w, https:\/\/wohnen-in-bayern.com\/wp-content\/uploads\/2025\/11\/grammer-immobilien-baustelle-unity-\u03b2-20160707-4_start.jpg 1920w\" sizes=\"(max-width: 768px) 100vw, 768px\" \/>\t\t\t\t\t\t\t\t\t\t\t\t\t\t\t<\/div>\n\t\t\t\t<div class=\"elementor-element elementor-element-661e03c elementor-widget elementor-widget-text-editor\" data-id=\"661e03c\" data-element_type=\"widget\" data-widget_type=\"text-editor.default\">\n\t\t\t\t\t\t\t\t\tStudentenwohnheim \u201eunity \u03b2\u201c\t\t\t\t\t\t\t\t<\/div>\n\t\t<div class=\"elementor-element elementor-element-e92546d e-con-full e-flex e-con e-child\" data-id=\"e92546d\" data-element_type=\"container\">\n\t\t\t\t<div class=\"elementor-element elementor-element-114ceb1 elementor-widget elementor-widget-text-editor\" data-id=\"114ceb1\" data-element_type=\"widget\" data-widget_type=\"text-editor.default\">\n\t\t\t\t\t\t\t\t\tFreisinger Landstra\u00dfe 84-90,\t\t\t\t\t\t\t\t<\/div>\n\t\t\t\t<\/div>\n\t\t<div class=\"elementor-element elementor-element-0046f66 e-con-full e-flex e-con e-child\" data-id=\"0046f66\" data-element_type=\"container\">\n\t\t\t\t<div class=\"elementor-element elementor-element-0945983 elementor-widget elementor-widget-text-editor\" data-id=\"0945983\" data-element_type=\"widget\" data-widget_type=\"text-editor.default\">\n\t\t\t\t\t\t\t\t\t80939\t\t\t\t\t\t\t\t<\/div>\n\t\t\t\t<div class=\"elementor-element elementor-element-0d2f1b3 elementor-widget elementor-widget-text-editor\" data-id=\"0d2f1b3\" data-element_type=\"widget\" data-widget_type=\"text-editor.default\">\n\t\t\t\t\t\t\t\t\tM\u00fcnchen\t\t\t\t\t\t\t\t<\/div>\n\t\t\t\t<\/div>\n\t\t<div class=\"elementor-element elementor-element-bf4ee11 e-flex e-con-boxed e-con e-child\" data-id=\"bf4ee11\" data-element_type=\"container\">\n\t\t\t\t\t<div class=\"e-con-inner\">\n\t\t\t\t<div class=\"elementor-element elementor-element-017fa2a elementor-widget elementor-widget-button\" data-id=\"017fa2a\" data-element_type=\"widget\" data-widget_type=\"button.default\">\n\t\t\t\t\t\t\t\t\t\t<a class=\"elementor-button elementor-button-link elementor-size-sm\" href=\"https:\/\/wohnen-in-bayern.com\/en\/objekt\/apartmentanlage-unity-%ce%b2\/\">\n\t\t\t\t\t\t<span class=\"elementor-button-content-wrapper\">\n\t\t\t\t\t\t\t\t\t<span class=\"elementor-button-text\">Learn more<\/span>\n\t\t\t\t\t<\/span>\n\t\t\t\t\t<\/a>\n\t\t\t\t\t\t\t\t<\/div>\n\t\t\t\t\t<\/div>\n\t\t\t\t<\/div>\n\t\t\t\t<\/a>\n\t\t\t\t<\/div>\n\t\t\t\t<div data-elementor-type=\"loop-item\" data-elementor-id=\"319\" class=\"elementor elementor-319 e-loop-item e-loop-item-1122 post-1122 objekt type-objekt status-publish hentry\" data-elementor-post-type=\"elementor_library\" data-custom-edit-handle=\"1\">\n\t\t\t<a class=\"elementor-element elementor-element-01e8dfa e-con-full e-flex e-con e-parent\" data-id=\"01e8dfa\" data-element_type=\"container\" href=\"https:\/\/wohnen-in-bayern.com\/en\/objekt\/studentenwohnheim-allersberger-strasse\/\">\n\t\t\t\t<div class=\"elementor-element elementor-element-701607e elementor-widget elementor-widget-image\" data-id=\"701607e\" data-element_type=\"widget\" data-widget_type=\"image.default\">\n\t\t\t\t\t\t\t\t\t\t\t\t\t\t\t<img loading=\"lazy\" decoding=\"async\" width=\"768\" height=\"432\" src=\"https:\/\/wohnen-in-bayern.com\/wp-content\/uploads\/2025\/11\/Bild_034A_start-768x432.jpg\" class=\"attachment-medium_large size-medium_large wp-image-1242\" alt=\"\" srcset=\"https:\/\/wohnen-in-bayern.com\/wp-content\/uploads\/2025\/11\/Bild_034A_start-768x432.jpg 768w, https:\/\/wohnen-in-bayern.com\/wp-content\/uploads\/2025\/11\/Bild_034A_start-300x169.jpg 300w, https:\/\/wohnen-in-bayern.com\/wp-content\/uploads\/2025\/11\/Bild_034A_start-1024x576.jpg 1024w, https:\/\/wohnen-in-bayern.com\/wp-content\/uploads\/2025\/11\/Bild_034A_start-1536x864.jpg 1536w, https:\/\/wohnen-in-bayern.com\/wp-content\/uploads\/2025\/11\/Bild_034A_start-650x366.jpg 650w, https:\/\/wohnen-in-bayern.com\/wp-content\/uploads\/2025\/11\/Bild_034A_start.jpg 1920w\" sizes=\"(max-width: 768px) 100vw, 768px\" \/>\t\t\t\t\t\t\t\t\t\t\t\t\t\t\t<\/div>\n\t\t\t\t<div class=\"elementor-element elementor-element-661e03c elementor-widget elementor-widget-text-editor\" data-id=\"661e03c\" data-element_type=\"widget\" data-widget_type=\"text-editor.default\">\n\t\t\t\t\t\t\t\t\tStudentenwohnheim &#8222;Allersberger Strasse&#8220;\t\t\t\t\t\t\t\t<\/div>\n\t\t<div class=\"elementor-element elementor-element-e92546d e-con-full e-flex e-con e-child\" data-id=\"e92546d\" data-element_type=\"container\">\n\t\t\t\t<div class=\"elementor-element elementor-element-114ceb1 elementor-widget elementor-widget-text-editor\" data-id=\"114ceb1\" data-element_type=\"widget\" data-widget_type=\"text-editor.default\">\n\t\t\t\t\t\t\t\t\tAllersberger Strasse 21,\t\t\t\t\t\t\t\t<\/div>\n\t\t\t\t<\/div>\n\t\t<div class=\"elementor-element elementor-element-0046f66 e-con-full e-flex e-con e-child\" data-id=\"0046f66\" data-element_type=\"container\">\n\t\t\t\t<div class=\"elementor-element elementor-element-0945983 elementor-widget elementor-widget-text-editor\" data-id=\"0945983\" data-element_type=\"widget\" data-widget_type=\"text-editor.default\">\n\t\t\t\t\t\t\t\t\t90461\t\t\t\t\t\t\t\t<\/div>\n\t\t\t\t<div class=\"elementor-element elementor-element-0d2f1b3 elementor-widget elementor-widget-text-editor\" data-id=\"0d2f1b3\" data-element_type=\"widget\" data-widget_type=\"text-editor.default\">\n\t\t\t\t\t\t\t\t\tN\u00fcrnberg\t\t\t\t\t\t\t\t<\/div>\n\t\t\t\t<\/div>\n\t\t<div class=\"elementor-element elementor-element-bf4ee11 e-flex e-con-boxed e-con e-child\" data-id=\"bf4ee11\" data-element_type=\"container\">\n\t\t\t\t\t<div class=\"e-con-inner\">\n\t\t\t\t<div class=\"elementor-element elementor-element-017fa2a elementor-widget elementor-widget-button\" data-id=\"017fa2a\" data-element_type=\"widget\" data-widget_type=\"button.default\">\n\t\t\t\t\t\t\t\t\t\t<a class=\"elementor-button elementor-button-link elementor-size-sm\" href=\"https:\/\/wohnen-in-bayern.com\/en\/objekt\/studentenwohnheim-allersberger-strasse\/\">\n\t\t\t\t\t\t<span class=\"elementor-button-content-wrapper\">\n\t\t\t\t\t\t\t\t\t<span class=\"elementor-button-text\">Learn more<\/span>\n\t\t\t\t\t<\/span>\n\t\t\t\t\t<\/a>\n\t\t\t\t\t\t\t\t<\/div>\n\t\t\t\t\t<\/div>\n\t\t\t\t<\/div>\n\t\t\t\t<\/a>\n\t\t\t\t<\/div>\n\t\t\t\t<div data-elementor-type=\"loop-item\" data-elementor-id=\"319\" class=\"elementor elementor-319 e-loop-item e-loop-item-1090 post-1090 objekt type-objekt status-publish hentry\" data-elementor-post-type=\"elementor_library\" data-custom-edit-handle=\"1\">\n\t\t\t<a class=\"elementor-element elementor-element-01e8dfa e-con-full e-flex e-con e-parent\" data-id=\"01e8dfa\" data-element_type=\"container\" href=\"https:\/\/wohnen-in-bayern.com\/en\/objekt\/studentenwohnheim-unikum\/\">\n\t\t\t\t<div class=\"elementor-element elementor-element-701607e elementor-widget elementor-widget-image\" data-id=\"701607e\" data-element_type=\"widget\" data-widget_type=\"image.default\">\n\t\t\t\t\t\t\t\t\t\t\t\t\t\t\t<img loading=\"lazy\" decoding=\"async\" width=\"768\" height=\"432\" src=\"https:\/\/wohnen-in-bayern.com\/wp-content\/uploads\/2025\/11\/Bild_047_start-768x432.jpg\" class=\"attachment-medium_large size-medium_large wp-image-1239\" alt=\"\" srcset=\"https:\/\/wohnen-in-bayern.com\/wp-content\/uploads\/2025\/11\/Bild_047_start-768x432.jpg 768w, https:\/\/wohnen-in-bayern.com\/wp-content\/uploads\/2025\/11\/Bild_047_start-300x169.jpg 300w, https:\/\/wohnen-in-bayern.com\/wp-content\/uploads\/2025\/11\/Bild_047_start-1024x576.jpg 1024w, https:\/\/wohnen-in-bayern.com\/wp-content\/uploads\/2025\/11\/Bild_047_start-1536x864.jpg 1536w, https:\/\/wohnen-in-bayern.com\/wp-content\/uploads\/2025\/11\/Bild_047_start-650x366.jpg 650w, https:\/\/wohnen-in-bayern.com\/wp-content\/uploads\/2025\/11\/Bild_047_start.jpg 1920w\" sizes=\"(max-width: 768px) 100vw, 768px\" \/>\t\t\t\t\t\t\t\t\t\t\t\t\t\t\t<\/div>\n\t\t\t\t<div class=\"elementor-element elementor-element-661e03c elementor-widget elementor-widget-text-editor\" data-id=\"661e03c\" data-element_type=\"widget\" data-widget_type=\"text-editor.default\">\n\t\t\t\t\t\t\t\t\tStudentenwohnheim \u201eUNIKUM&#8220;\t\t\t\t\t\t\t\t<\/div>\n\t\t<div class=\"elementor-element elementor-element-e92546d e-con-full e-flex e-con e-child\" data-id=\"e92546d\" data-element_type=\"container\">\n\t\t\t\t<div class=\"elementor-element elementor-element-114ceb1 elementor-widget elementor-widget-text-editor\" data-id=\"114ceb1\" data-element_type=\"widget\" data-widget_type=\"text-editor.default\">\n\t\t\t\t\t\t\t\t\tLochhamer Stra\u00dfe 7,\t\t\t\t\t\t\t\t<\/div>\n\t\t\t\t<\/div>\n\t\t<div class=\"elementor-element elementor-element-0046f66 e-con-full e-flex e-con e-child\" data-id=\"0046f66\" data-element_type=\"container\">\n\t\t\t\t<div class=\"elementor-element elementor-element-0945983 elementor-widget elementor-widget-text-editor\" data-id=\"0945983\" data-element_type=\"widget\" data-widget_type=\"text-editor.default\">\n\t\t\t\t\t\t\t\t\t82152\t\t\t\t\t\t\t\t<\/div>\n\t\t\t\t<div class=\"elementor-element elementor-element-0d2f1b3 elementor-widget elementor-widget-text-editor\" data-id=\"0d2f1b3\" data-element_type=\"widget\" data-widget_type=\"text-editor.default\">\n\t\t\t\t\t\t\t\t\tMartinsried\t\t\t\t\t\t\t\t<\/div>\n\t\t\t\t<\/div>\n\t\t<div class=\"elementor-element elementor-element-bf4ee11 e-flex e-con-boxed e-con e-child\" data-id=\"bf4ee11\" data-element_type=\"container\">\n\t\t\t\t\t<div class=\"e-con-inner\">\n\t\t\t\t<div class=\"elementor-element elementor-element-017fa2a elementor-widget elementor-widget-button\" data-id=\"017fa2a\" data-element_type=\"widget\" data-widget_type=\"button.default\">\n\t\t\t\t\t\t\t\t\t\t<a class=\"elementor-button elementor-button-link elementor-size-sm\" href=\"https:\/\/wohnen-in-bayern.com\/en\/objekt\/studentenwohnheim-unikum\/\">\n\t\t\t\t\t\t<span class=\"elementor-button-content-wrapper\">\n\t\t\t\t\t\t\t\t\t<span class=\"elementor-button-text\">Learn more<\/span>\n\t\t\t\t\t<\/span>\n\t\t\t\t\t<\/a>\n\t\t\t\t\t\t\t\t<\/div>\n\t\t\t\t\t<\/div>\n\t\t\t\t<\/div>\n\t\t\t\t<\/a>\n\t\t\t\t<\/div>\n\t\t\t\t<div data-elementor-type=\"loop-item\" data-elementor-id=\"319\" class=\"elementor elementor-319 e-loop-item e-loop-item-1067 post-1067 objekt type-objekt status-publish hentry\" data-elementor-post-type=\"elementor_library\" data-custom-edit-handle=\"1\">\n\t\t\t<a class=\"elementor-element elementor-element-01e8dfa e-con-full e-flex e-con e-parent\" data-id=\"01e8dfa\" data-element_type=\"container\" href=\"https:\/\/wohnen-in-bayern.com\/en\/objekt\/apartments-in-der-zeppelinstrasse\/\">\n\t\t\t\t<div class=\"elementor-element elementor-element-701607e elementor-widget elementor-widget-image\" data-id=\"701607e\" data-element_type=\"widget\" data-widget_type=\"image.default\">\n\t\t\t\t\t\t\t\t\t\t\t\t\t\t\t<img loading=\"lazy\" decoding=\"async\" width=\"768\" height=\"432\" src=\"https:\/\/wohnen-in-bayern.com\/wp-content\/uploads\/2025\/11\/Zeppelin_Apartments_start-768x432.jpg\" class=\"attachment-medium_large size-medium_large wp-image-1236\" alt=\"\" srcset=\"https:\/\/wohnen-in-bayern.com\/wp-content\/uploads\/2025\/11\/Zeppelin_Apartments_start-768x432.jpg 768w, https:\/\/wohnen-in-bayern.com\/wp-content\/uploads\/2025\/11\/Zeppelin_Apartments_start-300x169.jpg 300w, https:\/\/wohnen-in-bayern.com\/wp-content\/uploads\/2025\/11\/Zeppelin_Apartments_start-1024x576.jpg 1024w, https:\/\/wohnen-in-bayern.com\/wp-content\/uploads\/2025\/11\/Zeppelin_Apartments_start-1536x864.jpg 1536w, https:\/\/wohnen-in-bayern.com\/wp-content\/uploads\/2025\/11\/Zeppelin_Apartments_start-650x366.jpg 650w, https:\/\/wohnen-in-bayern.com\/wp-content\/uploads\/2025\/11\/Zeppelin_Apartments_start.jpg 1920w\" sizes=\"(max-width: 768px) 100vw, 768px\" \/>\t\t\t\t\t\t\t\t\t\t\t\t\t\t\t<\/div>\n\t\t\t\t<div class=\"elementor-element elementor-element-661e03c elementor-widget elementor-widget-text-editor\" data-id=\"661e03c\" data-element_type=\"widget\" data-widget_type=\"text-editor.default\">\n\t\t\t\t\t\t\t\t\tStudentenwohnheim \u201eZeppelinstra\u00dfe&#8220;\t\t\t\t\t\t\t\t<\/div>\n\t\t<div class=\"elementor-element elementor-element-e92546d e-con-full e-flex e-con e-child\" data-id=\"e92546d\" data-element_type=\"container\">\n\t\t\t\t<div class=\"elementor-element elementor-element-114ceb1 elementor-widget elementor-widget-text-editor\" data-id=\"114ceb1\" data-element_type=\"widget\" data-widget_type=\"text-editor.default\">\n\t\t\t\t\t\t\t\t\t Zeppelinstra\u00dfe 1,\t\t\t\t\t\t\t\t<\/div>\n\t\t\t\t<\/div>\n\t\t<div class=\"elementor-element elementor-element-0046f66 e-con-full e-flex e-con e-child\" data-id=\"0046f66\" data-element_type=\"container\">\n\t\t\t\t<div class=\"elementor-element elementor-element-0945983 elementor-widget elementor-widget-text-editor\" data-id=\"0945983\" data-element_type=\"widget\" data-widget_type=\"text-editor.default\">\n\t\t\t\t\t\t\t\t\t91052\t\t\t\t\t\t\t\t<\/div>\n\t\t\t\t<div class=\"elementor-element elementor-element-0d2f1b3 elementor-widget elementor-widget-text-editor\" data-id=\"0d2f1b3\" data-element_type=\"widget\" data-widget_type=\"text-editor.default\">\n\t\t\t\t\t\t\t\t\tErlangen\t\t\t\t\t\t\t\t<\/div>\n\t\t\t\t<\/div>\n\t\t<div class=\"elementor-element elementor-element-bf4ee11 e-flex e-con-boxed e-con e-child\" data-id=\"bf4ee11\" data-element_type=\"container\">\n\t\t\t\t\t<div class=\"e-con-inner\">\n\t\t\t\t<div class=\"elementor-element elementor-element-017fa2a elementor-widget elementor-widget-button\" data-id=\"017fa2a\" data-element_type=\"widget\" data-widget_type=\"button.default\">\n\t\t\t\t\t\t\t\t\t\t<a class=\"elementor-button elementor-button-link elementor-size-sm\" href=\"https:\/\/wohnen-in-bayern.com\/en\/objekt\/apartments-in-der-zeppelinstrasse\/\">\n\t\t\t\t\t\t<span class=\"elementor-button-content-wrapper\">\n\t\t\t\t\t\t\t\t\t<span class=\"elementor-button-text\">Learn more<\/span>\n\t\t\t\t\t<\/span>\n\t\t\t\t\t<\/a>\n\t\t\t\t\t\t\t\t<\/div>\n\t\t\t\t\t<\/div>\n\t\t\t\t<\/div>\n\t\t\t\t<\/a>\n\t\t\t\t<\/div>\n\t\t\t\t<\/div>\n\t\t\t\t\t<span class=\"e-load-more-spinner\">\n\t\t\t\t<svg aria-hidden=\"true\" class=\"e-font-icon-svg e-fas-spinner\" viewbox=\"0 0 512 512\" xmlns=\"http:\/\/www.w3.org\/2000\/svg\"><path d=\"M304 48c0 26.51-21.49 48-48 48s-48-21.49-48-48 21.49-48 48-48 48 21.49 48 48zm-48 368c-26.51 0-48 21.49-48 48s21.49 48 48 48 48-21.49 48-48-21.49-48-48-48zm208-208c-26.51 0-48 21.49-48 48s21.49 48 48 48 48-21.49 48-48-21.49-48-48-48zM96 256c0-26.51-21.49-48-48-48S0 229.49 0 256s21.49 48 48 48 48-21.49 48-48zm12.922 99.078c-26.51 0-48 21.49-48 48s21.49 48 48 48 48-21.49 48-48c0-26.509-21.491-48-48-48zm294.156 0c-26.51 0-48 21.49-48 48s21.49 48 48 48 48-21.49 48-48c0-26.509-21.49-48-48-48zM108.922 60.922c-26.51 0-48 21.49-48 48s21.49 48 48 48 48-21.49 48-48-21.491-48-48-48z\"><\/path><\/svg>\t\t\t<\/span>\n\t\t\n\t\t\t\t<div class=\"e-load-more-anchor\" data-page=\"1\" data-max-page=\"2\" data-next-page=\"https:\/\/wohnen-in-bayern.com\/en\/wp-json\/wp\/v2\/pages\/10\/page\/2\/\"><\/div>\n\t\t\t\t<div class=\"e-loop__load-more elementor-button-wrapper\">\n\t\t\t<a class=\"elementor-button elementor-size-sm\" role=\"button\">\n\t\t\t\t\t\t<span class=\"elementor-button-content-wrapper\">\n\t\t\t\t\t\t\t\t\t<span class=\"elementor-button-text\">Load more<\/span>\n\t\t\t\t\t<\/span>\n\t\t\t\t\t<\/a>\n\t\t<\/div>\n\t\t\t\t<div class=\"e-load-more-message\"><\/div>\n\t\t\t\t\t\t<\/div>\n\t\t\t\t<\/div>\n\t\t\t\t<\/div>\n\t\t\t\t<\/div>\n\t\t<div class=\"elementor-element elementor-element-652a502 e-con-full e-flex e-con e-parent\" data-id=\"652a502\" data-element_type=\"container\">\n\t\t<div class=\"elementor-element elementor-element-33f7b9f e-con-full e-flex e-con e-child\" data-id=\"33f7b9f\" data-element_type=\"container\">\n\t\t\t\t<div class=\"elementor-element elementor-element-d246f47 elementor-widget elementor-widget-image\" data-id=\"d246f47\" data-element_type=\"widget\" data-widget_type=\"image.default\">\n\t\t\t\t\t\t\t\t\t\t\t\t\t\t\t<img loading=\"lazy\" decoding=\"async\" width=\"1000\" height=\"426\" src=\"https:\/\/wohnen-in-bayern.com\/wp-content\/uploads\/2025\/11\/AdobeStock_814614362-1024x436.jpeg\" class=\"attachment-large size-large wp-image-15\" alt=\"\" srcset=\"https:\/\/wohnen-in-bayern.com\/wp-content\/uploads\/2025\/11\/AdobeStock_814614362-1024x436.jpeg 1024w, https:\/\/wohnen-in-bayern.com\/wp-content\/uploads\/2025\/11\/AdobeStock_814614362-300x128.jpeg 300w, https:\/\/wohnen-in-bayern.com\/wp-content\/uploads\/2025\/11\/AdobeStock_814614362-768x327.jpeg 768w, https:\/\/wohnen-in-bayern.com\/wp-content\/uploads\/2025\/11\/AdobeStock_814614362-1536x654.jpeg 1536w, https:\/\/wohnen-in-bayern.com\/wp-content\/uploads\/2025\/11\/AdobeStock_814614362-2048x871.jpeg 2048w, https:\/\/wohnen-in-bayern.com\/wp-content\/uploads\/2025\/11\/AdobeStock_814614362-650x277.jpeg 650w\" sizes=\"(max-width: 1000px) 100vw, 1000px\" \/>\t\t\t\t\t\t\t\t\t\t\t\t\t\t\t<\/div>\n\t\t\t\t<div class=\"elementor-element elementor-element-48d4115 elementor-widget elementor-widget-image\" data-id=\"48d4115\" data-element_type=\"widget\" data-widget_type=\"image.default\">\n\t\t\t\t\t\t\t\t\t\t\t\t\t\t\t<img loading=\"lazy\" decoding=\"async\" width=\"300\" height=\"137\" src=\"https:\/\/wohnen-in-bayern.com\/wp-content\/uploads\/2026\/01\/GRAMMER-Immobilien-Verwaltung-GmbH-300x137.png\" class=\"attachment-medium size-medium wp-image-2020\" alt=\"\" srcset=\"https:\/\/wohnen-in-bayern.com\/wp-content\/uploads\/2026\/01\/GRAMMER-Immobilien-Verwaltung-GmbH-300x137.png 300w, https:\/\/wohnen-in-bayern.com\/wp-content\/uploads\/2026\/01\/GRAMMER-Immobilien-Verwaltung-GmbH-1024x468.png 1024w, https:\/\/wohnen-in-bayern.com\/wp-content\/uploads\/2026\/01\/GRAMMER-Immobilien-Verwaltung-GmbH-768x351.png 768w, https:\/\/wohnen-in-bayern.com\/wp-content\/uploads\/2026\/01\/GRAMMER-Immobilien-Verwaltung-GmbH-1536x702.png 1536w, https:\/\/wohnen-in-bayern.com\/wp-content\/uploads\/2026\/01\/GRAMMER-Immobilien-Verwaltung-GmbH-2048x936.png 2048w, https:\/\/wohnen-in-bayern.com\/wp-content\/uploads\/2026\/01\/GRAMMER-Immobilien-Verwaltung-GmbH-18x8.png 18w, https:\/\/wohnen-in-bayern.com\/wp-content\/uploads\/2026\/01\/GRAMMER-Immobilien-Verwaltung-GmbH-650x297.png 650w, https:\/\/wohnen-in-bayern.com\/wp-content\/uploads\/2026\/01\/GRAMMER-Immobilien-Verwaltung-GmbH-scaled-e1768303035108.png 688w\" sizes=\"(max-width: 300px) 100vw, 300px\" \/>\t\t\t\t\t\t\t\t\t\t\t\t\t\t\t<\/div>\n\t\t\t\t<\/div>\n\t\t<div class=\"elementor-element elementor-element-ac692d0 e-con-full elementor-hidden-tablet elementor-hidden-mobile e-flex e-con e-child\" data-id=\"ac692d0\" data-element_type=\"container\">\n\t\t\t\t<div class=\"elementor-element elementor-element-4e13f45 elementor-widget elementor-widget-text-editor\" data-id=\"4e13f45\" data-element_type=\"widget\" data-widget_type=\"text-editor.default\">\n\t\t\t\t\t\t\t\t\t<p>Grammer Immobilien Verwaltung GmbH<br \/>Ziegelgasse 12<br \/>92224 Amberg<\/p><p><strong>+49 (0)9621 7659-0<\/strong><\/p>\t\t\t\t\t\t\t\t<\/div>\n\t\t\t\t<\/div>\n\t\t\t\t<\/div>\n\t\t\t\t<\/div>","protected":false},"excerpt":{"rendered":"<p>Dein Platz zum Lernen &amp; Leben Studentenwohnen in Bayern GRAMMER Immobilien Gruppe Wohnl\u00f6sungen f\u00fcr Studenten &amp; Auszubildende in Bayern Die GRAMMER Immobilien Gruppe plant, baut und verwaltet gro\u00dfe Wohnobjekte \u00fcberwiegend in Bayern. Unser Angebot richtet sich vor allem an Studenten und Auszubildende. Hier haben Sie die M\u00f6glichkeit, sich \u00fcber unsere Wohnungen und Apartments in M\u00fcnchen, [&hellip;]<\/p>","protected":false},"author":1,"featured_media":0,"parent":0,"menu_order":0,"comment_status":"closed","ping_status":"closed","template":"","meta":{"_acf_changed":false,"footnotes":""},"class_list":["post-10","page","type-page","status-publish","hentry"],"acf":[],"yoast_head":"<!-- This site is optimized with the Yoast SEO plugin v26.8 - https:\/\/yoast.com\/product\/yoast-seo-wordpress\/ -->\n<title>Home - Wohnen in Bayern<\/title>\n<meta name=\"robots\" content=\"index, follow, max-snippet:-1, max-image-preview:large, max-video-preview:-1\" \/>\n<link rel=\"canonical\" href=\"https:\/\/wohnen-in-bayern.com\/en\/\" \/>\n<meta property=\"og:locale\" content=\"en_GB\" \/>\n<meta property=\"og:type\" content=\"article\" \/>\n<meta property=\"og:title\" content=\"Home - Wohnen in Bayern\" \/>\n<meta property=\"og:description\" content=\"Dein Platz zum Lernen &amp; Leben Studentenwohnen in Bayern GRAMMER Immobilien Gruppe Wohnl\u00f6sungen f\u00fcr Studenten &amp; Auszubildende in Bayern Die GRAMMER Immobilien Gruppe plant, baut und verwaltet gro\u00dfe Wohnobjekte \u00fcberwiegend in Bayern. Unser Angebot richtet sich vor allem an Studenten und Auszubildende. Hier haben Sie die M\u00f6glichkeit, sich \u00fcber unsere Wohnungen und Apartments in M\u00fcnchen, [&hellip;]\" \/>\n<meta property=\"og:url\" content=\"https:\/\/wohnen-in-bayern.com\/en\/\" \/>\n<meta property=\"og:site_name\" content=\"Wohnen in Bayern\" \/>\n<meta property=\"article:modified_time\" content=\"2026-01-13T11:17:26+00:00\" \/>\n<meta property=\"og:image\" content=\"https:\/\/wohnen-in-bayern.com\/wp-content\/uploads\/2025\/11\/AdobeStock_612319867-scaled.jpeg\" \/>\n\t<meta property=\"og:image:width\" content=\"2560\" \/>\n\t<meta property=\"og:image:height\" content=\"1707\" \/>\n\t<meta property=\"og:image:type\" content=\"image\/jpeg\" \/>\n<meta name=\"twitter:card\" content=\"summary_large_image\" \/>\n<meta name=\"twitter:label1\" content=\"Est. reading time\" \/>\n\t<meta name=\"twitter:data1\" content=\"1 minute\" \/>\n<script type=\"application\/ld+json\" class=\"yoast-schema-graph\">{\"@context\":\"https:\/\/schema.org\",\"@graph\":[{\"@type\":\"WebPage\",\"@id\":\"https:\/\/wohnen-in-bayern.com\/\",\"url\":\"https:\/\/wohnen-in-bayern.com\/\",\"name\":\"Home - Wohnen in Bayern\",\"isPartOf\":{\"@id\":\"https:\/\/wohnen-in-bayern.com\/#website\"},\"primaryImageOfPage\":{\"@id\":\"https:\/\/wohnen-in-bayern.com\/#primaryimage\"},\"image\":{\"@id\":\"https:\/\/wohnen-in-bayern.com\/#primaryimage\"},\"thumbnailUrl\":\"https:\/\/wohnen-in-bayern.com\/wp-content\/uploads\/2025\/11\/AdobeStock_612319867-1024x683.jpeg\",\"datePublished\":\"2025-11-18T19:58:44+00:00\",\"dateModified\":\"2026-01-13T11:17:26+00:00\",\"breadcrumb\":{\"@id\":\"https:\/\/wohnen-in-bayern.com\/#breadcrumb\"},\"inLanguage\":\"en-GB\",\"potentialAction\":[{\"@type\":\"ReadAction\",\"target\":[\"https:\/\/wohnen-in-bayern.com\/\"]}]},{\"@type\":\"ImageObject\",\"inLanguage\":\"en-GB\",\"@id\":\"https:\/\/wohnen-in-bayern.com\/#primaryimage\",\"url\":\"https:\/\/wohnen-in-bayern.com\/wp-content\/uploads\/2025\/11\/AdobeStock_612319867-1024x683.jpeg\",\"contentUrl\":\"https:\/\/wohnen-in-bayern.com\/wp-content\/uploads\/2025\/11\/AdobeStock_612319867-1024x683.jpeg\"},{\"@type\":\"BreadcrumbList\",\"@id\":\"https:\/\/wohnen-in-bayern.com\/#breadcrumb\",\"itemListElement\":[{\"@type\":\"ListItem\",\"position\":1,\"name\":\"Home\",\"item\":\"https:\/\/wohnen-in-bayern.com\/\"},{\"@type\":\"ListItem\",\"position\":2,\"name\":\"Home\"}]},{\"@type\":\"WebSite\",\"@id\":\"https:\/\/wohnen-in-bayern.com\/#website\",\"url\":\"https:\/\/wohnen-in-bayern.com\/\",\"name\":\"Wohnen in Bayern\",\"description\":\"Das Mietportal f\u00fcr Studenten &amp; Azubis\",\"publisher\":{\"@id\":\"https:\/\/wohnen-in-bayern.com\/#organization\"},\"potentialAction\":[{\"@type\":\"SearchAction\",\"target\":{\"@type\":\"EntryPoint\",\"urlTemplate\":\"https:\/\/wohnen-in-bayern.com\/?s={search_term_string}\"},\"query-input\":{\"@type\":\"PropertyValueSpecification\",\"valueRequired\":true,\"valueName\":\"search_term_string\"}}],\"inLanguage\":\"en-GB\"},{\"@type\":\"Organization\",\"@id\":\"https:\/\/wohnen-in-bayern.com\/#organization\",\"name\":\"Wohnen in Bayern\",\"url\":\"https:\/\/wohnen-in-bayern.com\/\",\"logo\":{\"@type\":\"ImageObject\",\"inLanguage\":\"en-GB\",\"@id\":\"https:\/\/wohnen-in-bayern.com\/#\/schema\/logo\/image\/\",\"url\":\"https:\/\/wohnen-in-bayern.com\/wp-content\/uploads\/2025\/11\/Logo_wohnen-in-bayern_rgb.png\",\"contentUrl\":\"https:\/\/wohnen-in-bayern.com\/wp-content\/uploads\/2025\/11\/Logo_wohnen-in-bayern_rgb.png\",\"width\":1347,\"height\":238,\"caption\":\"Wohnen in Bayern\"},\"image\":{\"@id\":\"https:\/\/wohnen-in-bayern.com\/#\/schema\/logo\/image\/\"}}]}<\/script>\n<!-- \/ Yoast SEO plugin. -->","yoast_head_json":{"title":"Home - Wohnen in Bayern","robots":{"index":"index","follow":"follow","max-snippet":"max-snippet:-1","max-image-preview":"max-image-preview:large","max-video-preview":"max-video-preview:-1"},"canonical":"https:\/\/wohnen-in-bayern.com\/en\/","og_locale":"en_GB","og_type":"article","og_title":"Home - Wohnen in Bayern","og_description":"Dein Platz zum Lernen &amp; Leben Studentenwohnen in Bayern GRAMMER Immobilien Gruppe Wohnl\u00f6sungen f\u00fcr Studenten &amp; Auszubildende in Bayern Die GRAMMER Immobilien Gruppe plant, baut und verwaltet gro\u00dfe Wohnobjekte \u00fcberwiegend in Bayern. Unser Angebot richtet sich vor allem an Studenten und Auszubildende. Hier haben Sie die M\u00f6glichkeit, sich \u00fcber unsere Wohnungen und Apartments in M\u00fcnchen, [&hellip;]","og_url":"https:\/\/wohnen-in-bayern.com\/en\/","og_site_name":"Wohnen in Bayern","article_modified_time":"2026-01-13T11:17:26+00:00","og_image":[{"width":2560,"height":1707,"url":"https:\/\/wohnen-in-bayern.com\/wp-content\/uploads\/2025\/11\/AdobeStock_612319867-scaled.jpeg","type":"image\/jpeg"}],"twitter_card":"summary_large_image","twitter_misc":{"Est. reading time":"1 minute"},"schema":{"@context":"https:\/\/schema.org","@graph":[{"@type":"WebPage","@id":"https:\/\/wohnen-in-bayern.com\/","url":"https:\/\/wohnen-in-bayern.com\/","name":"Home - Wohnen in Bayern","isPartOf":{"@id":"https:\/\/wohnen-in-bayern.com\/#website"},"primaryImageOfPage":{"@id":"https:\/\/wohnen-in-bayern.com\/#primaryimage"},"image":{"@id":"https:\/\/wohnen-in-bayern.com\/#primaryimage"},"thumbnailUrl":"https:\/\/wohnen-in-bayern.com\/wp-content\/uploads\/2025\/11\/AdobeStock_612319867-1024x683.jpeg","datePublished":"2025-11-18T19:58:44+00:00","dateModified":"2026-01-13T11:17:26+00:00","breadcrumb":{"@id":"https:\/\/wohnen-in-bayern.com\/#breadcrumb"},"inLanguage":"en-GB","potentialAction":[{"@type":"ReadAction","target":["https:\/\/wohnen-in-bayern.com\/"]}]},{"@type":"ImageObject","inLanguage":"en-GB","@id":"https:\/\/wohnen-in-bayern.com\/#primaryimage","url":"https:\/\/wohnen-in-bayern.com\/wp-content\/uploads\/2025\/11\/AdobeStock_612319867-1024x683.jpeg","contentUrl":"https:\/\/wohnen-in-bayern.com\/wp-content\/uploads\/2025\/11\/AdobeStock_612319867-1024x683.jpeg"},{"@type":"BreadcrumbList","@id":"https:\/\/wohnen-in-bayern.com\/#breadcrumb","itemListElement":[{"@type":"ListItem","position":1,"name":"Home","item":"https:\/\/wohnen-in-bayern.com\/"},{"@type":"ListItem","position":2,"name":"Home"}]},{"@type":"WebSite","@id":"https:\/\/wohnen-in-bayern.com\/#website","url":"https:\/\/wohnen-in-bayern.com\/","name":"Wohnen in Bayern","description":"Das Mietportal f\u00fcr Studenten &amp; Azubis","publisher":{"@id":"https:\/\/wohnen-in-bayern.com\/#organization"},"potentialAction":[{"@type":"SearchAction","target":{"@type":"EntryPoint","urlTemplate":"https:\/\/wohnen-in-bayern.com\/?s={search_term_string}"},"query-input":{"@type":"PropertyValueSpecification","valueRequired":true,"valueName":"search_term_string"}}],"inLanguage":"en-GB"},{"@type":"Organization","@id":"https:\/\/wohnen-in-bayern.com\/#organization","name":"Wohnen in Bayern","url":"https:\/\/wohnen-in-bayern.com\/","logo":{"@type":"ImageObject","inLanguage":"en-GB","@id":"https:\/\/wohnen-in-bayern.com\/#\/schema\/logo\/image\/","url":"https:\/\/wohnen-in-bayern.com\/wp-content\/uploads\/2025\/11\/Logo_wohnen-in-bayern_rgb.png","contentUrl":"https:\/\/wohnen-in-bayern.com\/wp-content\/uploads\/2025\/11\/Logo_wohnen-in-bayern_rgb.png","width":1347,"height":238,"caption":"Wohnen in Bayern"},"image":{"@id":"https:\/\/wohnen-in-bayern.com\/#\/schema\/logo\/image\/"}}]}},"_links":{"self":[{"href":"https:\/\/wohnen-in-bayern.com\/en\/wp-json\/wp\/v2\/pages\/10","targetHints":{"allow":["GET"]}}],"collection":[{"href":"https:\/\/wohnen-in-bayern.com\/en\/wp-json\/wp\/v2\/pages"}],"about":[{"href":"https:\/\/wohnen-in-bayern.com\/en\/wp-json\/wp\/v2\/types\/page"}],"author":[{"embeddable":true,"href":"https:\/\/wohnen-in-bayern.com\/en\/wp-json\/wp\/v2\/users\/1"}],"replies":[{"embeddable":true,"href":"https:\/\/wohnen-in-bayern.com\/en\/wp-json\/wp\/v2\/comments?post=10"}],"version-history":[{"count":145,"href":"https:\/\/wohnen-in-bayern.com\/en\/wp-json\/wp\/v2\/pages\/10\/revisions"}],"predecessor-version":[{"id":2090,"href":"https:\/\/wohnen-in-bayern.com\/en\/wp-json\/wp\/v2\/pages\/10\/revisions\/2090"}],"wp:attachment":[{"href":"https:\/\/wohnen-in-bayern.com\/en\/wp-json\/wp\/v2\/media?parent=10"}],"curies":[{"name":"wp","href":"https:\/\/api.w.org\/{rel}","templated":true}]}}